{"id":21,"date":"2022-01-19T18:26:20","date_gmt":"2022-01-19T18:26:20","guid":{"rendered":"http:\/\/new.pruebavitoria.es\/?page_id=21"},"modified":"2024-12-13T11:20:02","modified_gmt":"2024-12-13T11:20:02","slug":"ultimas-noticias","status":"publish","type":"page","link":"https:\/\/pruebavitoria.es\/eu\/ultimas-noticias\/","title":{"rendered":"Azken Berriak"},"content":{"rendered":"<div data-elementor-type=\"wp-page\" data-elementor-id=\"21\" class=\"elementor elementor-21\" data-elementor-settings=\"{&quot;ha_cmc_init_switcher&quot;:&quot;no&quot;}\" data-elementor-post-type=\"page\">\n\t\t\t\t\t\t<section class=\"elementor-section elementor-top-section elementor-element elementor-element-102f7a00 elementor-section-full_width elementor-section-height-min-height elementor-section-height-default elementor-section-items-middle\" data-id=\"102f7a00\" data-element_type=\"section\" data-e-type=\"section\" data-settings=\"{&quot;background_background&quot;:&quot;classic&quot;,&quot;_ha_eqh_enable&quot;:false}\">\n\t\t\t\t\t\t\t<div class=\"elementor-background-overlay\"><\/div>\n\t\t\t\t\t\t\t<div class=\"elementor-container elementor-column-gap-default\">\n\t\t\t\t\t<div class=\"elementor-column elementor-col-33 elementor-top-column elementor-element elementor-element-7eabf615\" data-id=\"7eabf615\" data-element_type=\"column\" data-e-type=\"column\">\n\t\t\t<div class=\"elementor-widget-wrap\">\n\t\t\t\t\t\t\t<\/div>\n\t\t<\/div>\n\t\t\t\t<div class=\"elementor-column elementor-col-33 elementor-top-column elementor-element elementor-element-35883dd\" data-id=\"35883dd\" data-element_type=\"column\" data-e-type=\"column\">\n\t\t\t<div class=\"elementor-widget-wrap elementor-element-populated\">\n\t\t\t\t\t\t<div class=\"elementor-element elementor-element-4402e96a elementor-widget elementor-widget-heading\" data-id=\"4402e96a\" data-element_type=\"widget\" data-e-type=\"widget\" data-widget_type=\"heading.default\">\n\t\t\t\t<div class=\"elementor-widget-container\">\n\t\t\t\t\t<h2 class=\"elementor-heading-title elementor-size-default\">AZKEN BERRIAK<\/h2>\t\t\t\t<\/div>\n\t\t\t\t<\/div>\n\t\t\t\t\t<\/div>\n\t\t<\/div>\n\t\t\t\t<div class=\"elementor-column elementor-col-33 elementor-top-column elementor-element elementor-element-31afd9dd\" data-id=\"31afd9dd\" data-element_type=\"column\" data-e-type=\"column\">\n\t\t\t<div class=\"elementor-widget-wrap\">\n\t\t\t\t\t\t\t<\/div>\n\t\t<\/div>\n\t\t\t\t\t<\/div>\n\t\t<\/section>\n\t\t\t\t<section class=\"elementor-section elementor-top-section elementor-element elementor-element-2eda72d elementor-section-boxed elementor-section-height-default elementor-section-height-default\" data-id=\"2eda72d\" data-element_type=\"section\" data-e-type=\"section\" data-settings=\"{&quot;_ha_eqh_enable&quot;:false}\">\n\t\t\t\t\t\t<div class=\"elementor-container elementor-column-gap-default\">\n\t\t\t\t\t<div class=\"elementor-column elementor-col-100 elementor-top-column elementor-element elementor-element-a9068b9\" data-id=\"a9068b9\" data-element_type=\"column\" data-e-type=\"column\">\n\t\t\t<div class=\"elementor-widget-wrap elementor-element-populated\">\n\t\t\t\t\t\t<div class=\"elementor-element elementor-element-37913f6 elementor-widget elementor-widget-heading\" data-id=\"37913f6\" data-element_type=\"widget\" data-e-type=\"widget\" data-widget_type=\"heading.default\">\n\t\t\t\t<div class=\"elementor-widget-container\">\n\t\t\t\t\t<h2 class=\"elementor-heading-title elementor-size-default\">AZKEN BERRIAK<\/h2>\t\t\t\t<\/div>\n\t\t\t\t<\/div>\n\t\t\t\t\t<\/div>\n\t\t<\/div>\n\t\t\t\t\t<\/div>\n\t\t<\/section>\n\t\t\t\t<section class=\"elementor-section elementor-top-section elementor-element elementor-element-7428db3 elementor-section-boxed elementor-section-height-default elementor-section-height-default\" data-id=\"7428db3\" data-element_type=\"section\" data-e-type=\"section\" data-settings=\"{&quot;_ha_eqh_enable&quot;:false}\">\n\t\t\t\t\t\t<div class=\"elementor-container elementor-column-gap-default\">\n\t\t\t\t\t<div class=\"elementor-column elementor-col-100 elementor-top-column elementor-element elementor-element-483a6a4\" data-id=\"483a6a4\" data-element_type=\"column\" data-e-type=\"column\">\n\t\t\t<div class=\"elementor-widget-wrap elementor-element-populated\">\n\t\t\t\t\t\t<div class=\"elementor-element elementor-element-5f8fcda elementor-widget-divider--view-line elementor-widget elementor-widget-divider\" data-id=\"5f8fcda\" data-element_type=\"widget\" data-e-type=\"widget\" data-widget_type=\"divider.default\">\n\t\t\t\t<div class=\"elementor-widget-container\">\n\t\t\t\t\t\t\t<div class=\"elementor-divider\">\n\t\t\t<span class=\"elementor-divider-separator\">\n\t\t\t\t\t\t<\/span>\n\t\t<\/div>\n\t\t\t\t\t\t<\/div>\n\t\t\t\t<\/div>\n\t\t\t\t\t<\/div>\n\t\t<\/div>\n\t\t\t\t\t<\/div>\n\t\t<\/section>\n\t\t\t\t<section class=\"elementor-section elementor-top-section elementor-element elementor-element-5ef83ae elementor-section-boxed elementor-section-height-default elementor-section-height-default\" data-id=\"5ef83ae\" data-element_type=\"section\" data-e-type=\"section\" data-settings=\"{&quot;_ha_eqh_enable&quot;:false}\">\n\t\t\t\t\t\t<div class=\"elementor-container elementor-column-gap-default\">\n\t\t\t\t\t<div class=\"elementor-column elementor-col-100 elementor-top-column elementor-element elementor-element-ee0d02e\" data-id=\"ee0d02e\" data-element_type=\"column\" data-e-type=\"column\">\n\t\t\t<div class=\"elementor-widget-wrap elementor-element-populated\">\n\t\t\t\t\t\t<div class=\"elementor-element elementor-element-f825c19 elementor-grid-3 elementor-grid-tablet-2 elementor-grid-mobile-1 elementor-posts--thumbnail-top elementor-card-shadow-yes elementor-posts__hover-gradient elementor-widget elementor-widget-posts\" data-id=\"f825c19\" data-element_type=\"widget\" data-e-type=\"widget\" data-settings=\"{&quot;cards_columns&quot;:&quot;3&quot;,&quot;cards_columns_tablet&quot;:&quot;2&quot;,&quot;cards_columns_mobile&quot;:&quot;1&quot;,&quot;cards_row_gap&quot;:{&quot;unit&quot;:&quot;px&quot;,&quot;size&quot;:35,&quot;sizes&quot;:[]},&quot;cards_row_gap_tablet&quot;:{&quot;unit&quot;:&quot;px&quot;,&quot;size&quot;:&quot;&quot;,&quot;sizes&quot;:[]},&quot;cards_row_gap_mobile&quot;:{&quot;unit&quot;:&quot;px&quot;,&quot;size&quot;:&quot;&quot;,&quot;sizes&quot;:[]}}\" data-widget_type=\"posts.cards\">\n\t\t\t\t<div class=\"elementor-widget-container\">\n\t\t\t\t\t\t\t<div class=\"elementor-posts-container elementor-posts elementor-posts--skin-cards elementor-grid\" role=\"list\">\n\t\t\t\t<article class=\"elementor-post elementor-grid-item post-4789 post type-post status-publish format-standard has-post-thumbnail hentry category-sin-categoria tag-ciclista tag-gran-fondo tag-vitoria\" role=\"listitem\">\n\t\t\t<div class=\"elementor-post__card\">\n\t\t\t\t<a class=\"elementor-post__thumbnail__link\" href=\"https:\/\/pruebavitoria.es\/eu\/2025\/05\/22\/guia-nutricion-hidratacion-ciclistas-scientiffic-gran-fondo-vitoria\/\" tabindex=\"-1\" ><div class=\"elementor-post__thumbnail\"><img fetchpriority=\"high\" decoding=\"async\" width=\"200\" height=\"300\" src=\"https:\/\/pruebavitoria.es\/wp-content\/uploads\/2025\/05\/scientiffic-nutrition-200x300.jpg\" class=\"attachment-medium size-medium wp-image-4791\" alt=\"\" srcset=\"https:\/\/pruebavitoria.es\/wp-content\/uploads\/2025\/05\/scientiffic-nutrition-200x300.jpg 200w, https:\/\/pruebavitoria.es\/wp-content\/uploads\/2025\/05\/scientiffic-nutrition-683x1024.jpg 683w, https:\/\/pruebavitoria.es\/wp-content\/uploads\/2025\/05\/scientiffic-nutrition-768x1152.jpg 768w, https:\/\/pruebavitoria.es\/wp-content\/uploads\/2025\/05\/scientiffic-nutrition-1024x1536.jpg 1024w, https:\/\/pruebavitoria.es\/wp-content\/uploads\/2025\/05\/scientiffic-nutrition-1365x2048.jpg 1365w, https:\/\/pruebavitoria.es\/wp-content\/uploads\/2025\/05\/scientiffic-nutrition-8x12.jpg 8w, https:\/\/pruebavitoria.es\/wp-content\/uploads\/2025\/05\/scientiffic-nutrition-scaled.jpg 1707w\" sizes=\"(max-width: 200px) 100vw, 200px\" \/><\/div><\/a>\n\t\t\t\t<div class=\"elementor-post__text\">\n\t\t\t\t<h3 class=\"elementor-post__title\">\n\t\t\t<a href=\"https:\/\/pruebavitoria.es\/eu\/2025\/05\/22\/guia-nutricion-hidratacion-ciclistas-scientiffic-gran-fondo-vitoria\/\" >\n\t\t\t\tRinde al m\u00e1ximo con Scientiffic Nutrition\t\t\t<\/a>\n\t\t<\/h3>\n\t\t\t\t<div class=\"elementor-post__excerpt\">\n\t\t\t<p>Prep\u00e1rate para rendir al m\u00e1ximo en Gran Fondo Vitoria 2025 con los consejos de nutrici\u00f3n e hidrataci\u00f3n de Scientiffic Nutrition. Hidrataci\u00f3n, energ\u00eda, cafe\u00edna y recuperaci\u00f3n adaptadas a cada ciclista.<\/p>\n\t\t<\/div>\n\t\t\n\t\t<a class=\"elementor-post__read-more\" href=\"https:\/\/pruebavitoria.es\/eu\/2025\/05\/22\/guia-nutricion-hidratacion-ciclistas-scientiffic-gran-fondo-vitoria\/\" aria-label=\"Read more about Rinde al m\u00e1ximo con Scientiffic Nutrition\" tabindex=\"-1\" >\n\t\t\tGehiago Irakurri \u00bb\t\t<\/a>\n\n\t\t\t\t<\/div>\n\t\t\t\t<div class=\"elementor-post__meta-data\">\n\t\t\t\t\t<span class=\"elementor-post-date\">\n\t\t\t22 de maiatza de 2025\t\t<\/span>\n\t\t\t\t<\/div>\n\t\t\t\t\t<\/div>\n\t\t<\/article>\n\t\t\t\t<article class=\"elementor-post elementor-grid-item post-4559 post type-post status-publish format-standard has-post-thumbnail hentry category-sin-categoria tag-ciclista tag-gran-fondo tag-vitoria\" role=\"listitem\">\n\t\t\t<div class=\"elementor-post__card\">\n\t\t\t\t<a class=\"elementor-post__thumbnail__link\" href=\"https:\/\/pruebavitoria.es\/eu\/2024\/12\/23\/gran-fondo-vitoria-presenta-su-nuevo-recorrido-el-mas-largo-de-euskadi\/\" tabindex=\"-1\" ><div class=\"elementor-post__thumbnail\"><img decoding=\"async\" width=\"300\" height=\"200\" src=\"https:\/\/pruebavitoria.es\/wp-content\/uploads\/2024\/11\/bc337ee3-eca7-44de-a0a2-cc448033ad3b-300x200.jpg\" class=\"attachment-medium size-medium wp-image-4089\" alt=\"\" srcset=\"https:\/\/pruebavitoria.es\/wp-content\/uploads\/2024\/11\/bc337ee3-eca7-44de-a0a2-cc448033ad3b-300x200.jpg 300w, https:\/\/pruebavitoria.es\/wp-content\/uploads\/2024\/11\/bc337ee3-eca7-44de-a0a2-cc448033ad3b-1024x683.jpg 1024w, https:\/\/pruebavitoria.es\/wp-content\/uploads\/2024\/11\/bc337ee3-eca7-44de-a0a2-cc448033ad3b-768x512.jpg 768w, https:\/\/pruebavitoria.es\/wp-content\/uploads\/2024\/11\/bc337ee3-eca7-44de-a0a2-cc448033ad3b-1536x1024.jpg 1536w, https:\/\/pruebavitoria.es\/wp-content\/uploads\/2024\/11\/bc337ee3-eca7-44de-a0a2-cc448033ad3b-2048x1365.jpg 2048w, https:\/\/pruebavitoria.es\/wp-content\/uploads\/2024\/11\/bc337ee3-eca7-44de-a0a2-cc448033ad3b-18x12.jpg 18w\" sizes=\"(max-width: 300px) 100vw, 300px\" \/><\/div><\/a>\n\t\t\t\t<div class=\"elementor-post__text\">\n\t\t\t\t<h3 class=\"elementor-post__title\">\n\t\t\t<a href=\"https:\/\/pruebavitoria.es\/eu\/2024\/12\/23\/gran-fondo-vitoria-presenta-su-nuevo-recorrido-el-mas-largo-de-euskadi\/\" >\n\t\t\t\tGran Fondo Vitoria presenta su nuevo recorrido, el m\u00e1s largo de Euskadi\t\t\t<\/a>\n\t\t<\/h3>\n\t\t\t\t<div class=\"elementor-post__excerpt\">\n\t\t\t<p>Abren inscripciones para la 43\u00aa edici\u00f3n de Gran Fondo Vitoria, organizada por Ascentium y la Sociedad Ciclista Vitoriana con el apoyo de Fundaci\u00f3n Vital Fundazioa. Este a\u00f1o destaca un nuevo recorrido de 207 km, que reemplaza al anterior de 180 km, consolid\u00e1ndola como la cicloturista m\u00e1s larga de Euskadi y una de las m\u00e1s extensas de la pen\u00ednsula, retomando el esp\u00edritu original de la prueba.<\/p>\n\t\t<\/div>\n\t\t\n\t\t<a class=\"elementor-post__read-more\" href=\"https:\/\/pruebavitoria.es\/eu\/2024\/12\/23\/gran-fondo-vitoria-presenta-su-nuevo-recorrido-el-mas-largo-de-euskadi\/\" aria-label=\"Read more about Gran Fondo Vitoria presenta su nuevo recorrido, el m\u00e1s largo de Euskadi\" tabindex=\"-1\" >\n\t\t\tGehiago Irakurri \u00bb\t\t<\/a>\n\n\t\t\t\t<\/div>\n\t\t\t\t<div class=\"elementor-post__meta-data\">\n\t\t\t\t\t<span class=\"elementor-post-date\">\n\t\t\t23 de abendua de 2024\t\t<\/span>\n\t\t\t\t<\/div>\n\t\t\t\t\t<\/div>\n\t\t<\/article>\n\t\t\t\t<article class=\"elementor-post elementor-grid-item post-3815 post type-post status-publish format-standard has-post-thumbnail hentry category-sin-categoria tag-bici tag-ciclismo tag-pruebacicloturista tag-viotira\" role=\"listitem\">\n\t\t\t<div class=\"elementor-post__card\">\n\t\t\t\t<a class=\"elementor-post__thumbnail__link\" href=\"https:\/\/pruebavitoria.es\/eu\/2024\/05\/09\/la-prueba-ciclista-vitoria-celebra-el-22-de-junio-su-42a-edicion\/\" tabindex=\"-1\" ><div class=\"elementor-post__thumbnail\"><img decoding=\"async\" width=\"300\" height=\"222\" src=\"https:\/\/pruebavitoria.es\/wp-content\/uploads\/2024\/05\/Prueba_Vitoria_Cicloturista_2024-presentacion-300x222.png\" class=\"attachment-medium size-medium wp-image-3827\" alt=\"\" srcset=\"https:\/\/pruebavitoria.es\/wp-content\/uploads\/2024\/05\/Prueba_Vitoria_Cicloturista_2024-presentacion-300x222.png 300w, https:\/\/pruebavitoria.es\/wp-content\/uploads\/2024\/05\/Prueba_Vitoria_Cicloturista_2024-presentacion-1024x759.png 1024w, https:\/\/pruebavitoria.es\/wp-content\/uploads\/2024\/05\/Prueba_Vitoria_Cicloturista_2024-presentacion-768x569.png 768w, https:\/\/pruebavitoria.es\/wp-content\/uploads\/2024\/05\/Prueba_Vitoria_Cicloturista_2024-presentacion-16x12.png 16w, https:\/\/pruebavitoria.es\/wp-content\/uploads\/2024\/05\/Prueba_Vitoria_Cicloturista_2024-presentacion.png 1258w\" sizes=\"(max-width: 300px) 100vw, 300px\" \/><\/div><\/a>\n\t\t\t\t<div class=\"elementor-post__text\">\n\t\t\t\t<h3 class=\"elementor-post__title\">\n\t\t\t<a href=\"https:\/\/pruebavitoria.es\/eu\/2024\/05\/09\/la-prueba-ciclista-vitoria-celebra-el-22-de-junio-su-42a-edicion\/\" >\n\t\t\t\tLa Prueba Ciclista VITORIA, celebra el  22 de junio su 42\u00aa edici\u00f3n\t\t\t<\/a>\n\t\t<\/h3>\n\t\t\t\t<div class=\"elementor-post__excerpt\">\n\t\t\t<p>\u2022\tLa carrera, de car\u00e1cter popular y decana en el calendario estatal, se celebrar\u00e1 el s\u00e1bado 22 de junio y est\u00e1 abierta a solo 750 participantes.<br \/>\n\u2022\tLas y los ciclistas podr\u00e1n elegir entre 2 recorrido: 100 km o 180km, atravesando cinco de las siete Cuadrillas de \u00c1lava y coronando siete puertos.<\/p>\n\t\t<\/div>\n\t\t\n\t\t<a class=\"elementor-post__read-more\" href=\"https:\/\/pruebavitoria.es\/eu\/2024\/05\/09\/la-prueba-ciclista-vitoria-celebra-el-22-de-junio-su-42a-edicion\/\" aria-label=\"Read more about La Prueba Ciclista VITORIA, celebra el  22 de junio su 42\u00aa edici\u00f3n\" tabindex=\"-1\" >\n\t\t\tGehiago Irakurri \u00bb\t\t<\/a>\n\n\t\t\t\t<\/div>\n\t\t\t\t<div class=\"elementor-post__meta-data\">\n\t\t\t\t\t<span class=\"elementor-post-date\">\n\t\t\t9 de maiatza de 2024\t\t<\/span>\n\t\t\t\t<\/div>\n\t\t\t\t\t<\/div>\n\t\t<\/article>\n\t\t\t\t<article class=\"elementor-post elementor-grid-item post-3165 post type-post status-publish format-standard has-post-thumbnail hentry category-sin-categoria\" role=\"listitem\">\n\t\t\t<div class=\"elementor-post__card\">\n\t\t\t\t<a class=\"elementor-post__thumbnail__link\" href=\"https:\/\/pruebavitoria.es\/eu\/2023\/06\/28\/sold-out-y-record-de-participacion-en-prueba-vitoria-cloned-3149\/\" tabindex=\"-1\" ><div class=\"elementor-post__thumbnail\"><img loading=\"lazy\" decoding=\"async\" width=\"300\" height=\"200\" src=\"https:\/\/pruebavitoria.es\/wp-content\/uploads\/2023\/06\/Prueba_cicloturista_vitoria_\u00a9quieromisfotos.com_144-300x200.jpg\" class=\"attachment-medium size-medium wp-image-3169\" alt=\"\" srcset=\"https:\/\/pruebavitoria.es\/wp-content\/uploads\/2023\/06\/Prueba_cicloturista_vitoria_\u00a9quieromisfotos.com_144-300x200.jpg 300w, https:\/\/pruebavitoria.es\/wp-content\/uploads\/2023\/06\/Prueba_cicloturista_vitoria_\u00a9quieromisfotos.com_144-1024x683.jpg 1024w, https:\/\/pruebavitoria.es\/wp-content\/uploads\/2023\/06\/Prueba_cicloturista_vitoria_\u00a9quieromisfotos.com_144-768x512.jpg 768w, https:\/\/pruebavitoria.es\/wp-content\/uploads\/2023\/06\/Prueba_cicloturista_vitoria_\u00a9quieromisfotos.com_144-1536x1024.jpg 1536w, https:\/\/pruebavitoria.es\/wp-content\/uploads\/2023\/06\/Prueba_cicloturista_vitoria_\u00a9quieromisfotos.com_144-2048x1365.jpg 2048w, https:\/\/pruebavitoria.es\/wp-content\/uploads\/2023\/06\/Prueba_cicloturista_vitoria_\u00a9quieromisfotos.com_144-18x12.jpg 18w\" sizes=\"(max-width: 300px) 100vw, 300px\" \/><\/div><\/a>\n\t\t\t\t<div class=\"elementor-post__text\">\n\t\t\t\t<h3 class=\"elementor-post__title\">\n\t\t\t<a href=\"https:\/\/pruebavitoria.es\/eu\/2023\/06\/28\/sold-out-y-record-de-participacion-en-prueba-vitoria-cloned-3149\/\" >\n\t\t\t\tPrueba Vitoria y Grand D\u00e9part Pays Basque se dan la mano para inundar de amarillo las carreteras de \u00c1lava\t\t\t<\/a>\n\t\t<\/h3>\n\t\t\t\t<div class=\"elementor-post__excerpt\">\n\t\t\t<p>1.000 cicloturistas disfrutaron de una cita hist\u00f3rica de color amarillo con motivo del Tour de Francia<\/p>\n\t\t<\/div>\n\t\t\n\t\t<a class=\"elementor-post__read-more\" href=\"https:\/\/pruebavitoria.es\/eu\/2023\/06\/28\/sold-out-y-record-de-participacion-en-prueba-vitoria-cloned-3149\/\" aria-label=\"Read more about Prueba Vitoria y Grand D\u00e9part Pays Basque se dan la mano para inundar de amarillo las carreteras de \u00c1lava\" tabindex=\"-1\" >\n\t\t\tGehiago Irakurri \u00bb\t\t<\/a>\n\n\t\t\t\t<\/div>\n\t\t\t\t<div class=\"elementor-post__meta-data\">\n\t\t\t\t\t<span class=\"elementor-post-date\">\n\t\t\t28 de ekaina de 2023\t\t<\/span>\n\t\t\t\t<\/div>\n\t\t\t\t\t<\/div>\n\t\t<\/article>\n\t\t\t\t<article class=\"elementor-post elementor-grid-item post-3149 post type-post status-publish format-standard has-post-thumbnail hentry category-sin-categoria\" role=\"listitem\">\n\t\t\t<div class=\"elementor-post__card\">\n\t\t\t\t<a class=\"elementor-post__thumbnail__link\" href=\"https:\/\/pruebavitoria.es\/eu\/2023\/06\/28\/menos-de-200-plazas-para-cerrar-inscripciones-en-prueba-vitoria-cloned-3091\/\" tabindex=\"-1\" ><div class=\"elementor-post__thumbnail\"><img loading=\"lazy\" decoding=\"async\" width=\"300\" height=\"200\" src=\"https:\/\/pruebavitoria.es\/wp-content\/uploads\/2023\/06\/Prueba_cicloturista_vitoria_\u00a9quieromisfotos.com_130-300x200.jpg\" class=\"attachment-medium size-medium wp-image-3153\" alt=\"\" srcset=\"https:\/\/pruebavitoria.es\/wp-content\/uploads\/2023\/06\/Prueba_cicloturista_vitoria_\u00a9quieromisfotos.com_130-300x200.jpg 300w, https:\/\/pruebavitoria.es\/wp-content\/uploads\/2023\/06\/Prueba_cicloturista_vitoria_\u00a9quieromisfotos.com_130-1024x683.jpg 1024w, https:\/\/pruebavitoria.es\/wp-content\/uploads\/2023\/06\/Prueba_cicloturista_vitoria_\u00a9quieromisfotos.com_130-768x512.jpg 768w, https:\/\/pruebavitoria.es\/wp-content\/uploads\/2023\/06\/Prueba_cicloturista_vitoria_\u00a9quieromisfotos.com_130-1536x1024.jpg 1536w, https:\/\/pruebavitoria.es\/wp-content\/uploads\/2023\/06\/Prueba_cicloturista_vitoria_\u00a9quieromisfotos.com_130-2048x1365.jpg 2048w, https:\/\/pruebavitoria.es\/wp-content\/uploads\/2023\/06\/Prueba_cicloturista_vitoria_\u00a9quieromisfotos.com_130-18x12.jpg 18w\" sizes=\"(max-width: 300px) 100vw, 300px\" \/><\/div><\/a>\n\t\t\t\t<div class=\"elementor-post__text\">\n\t\t\t\t<h3 class=\"elementor-post__title\">\n\t\t\t<a href=\"https:\/\/pruebavitoria.es\/eu\/2023\/06\/28\/menos-de-200-plazas-para-cerrar-inscripciones-en-prueba-vitoria-cloned-3091\/\" >\n\t\t\t\tSold out y r\u00e9cord de participaci\u00f3n en Prueba Vitoria\t\t\t<\/a>\n\t\t<\/h3>\n\t\t\t\t<div class=\"elementor-post__excerpt\">\n\t\t\t<p>Los 1.000 participantes de la prueba cicloturista, que forma parte del Grand D\u00e9part Pays Basque 2023, saldr\u00e1n a las 8:30 desde Mendizorroza. <\/p>\n\t\t<\/div>\n\t\t\n\t\t<a class=\"elementor-post__read-more\" href=\"https:\/\/pruebavitoria.es\/eu\/2023\/06\/28\/menos-de-200-plazas-para-cerrar-inscripciones-en-prueba-vitoria-cloned-3091\/\" aria-label=\"Read more about Sold out y r\u00e9cord de participaci\u00f3n en Prueba Vitoria\" tabindex=\"-1\" >\n\t\t\tGehiago Irakurri \u00bb\t\t<\/a>\n\n\t\t\t\t<\/div>\n\t\t\t\t<div class=\"elementor-post__meta-data\">\n\t\t\t\t\t<span class=\"elementor-post-date\">\n\t\t\t28 de ekaina de 2023\t\t<\/span>\n\t\t\t\t<\/div>\n\t\t\t\t\t<\/div>\n\t\t<\/article>\n\t\t\t\t<article class=\"elementor-post elementor-grid-item post-3091 post type-post status-publish format-standard has-post-thumbnail hentry category-sin-categoria\" role=\"listitem\">\n\t\t\t<div class=\"elementor-post__card\">\n\t\t\t\t<a class=\"elementor-post__thumbnail__link\" href=\"https:\/\/pruebavitoria.es\/eu\/2023\/05\/09\/menos-de-200-plazas-para-cerrar-inscripciones-en-prueba-vitoria\/\" tabindex=\"-1\" ><div class=\"elementor-post__thumbnail\"><img loading=\"lazy\" decoding=\"async\" width=\"300\" height=\"200\" src=\"https:\/\/pruebavitoria.es\/wp-content\/uploads\/2023\/05\/Prueba_Vitoria_2022_1_01652-300x200.jpg\" class=\"attachment-medium size-medium wp-image-3092\" alt=\"\" srcset=\"https:\/\/pruebavitoria.es\/wp-content\/uploads\/2023\/05\/Prueba_Vitoria_2022_1_01652-300x200.jpg 300w, https:\/\/pruebavitoria.es\/wp-content\/uploads\/2023\/05\/Prueba_Vitoria_2022_1_01652-18x12.jpg 18w, https:\/\/pruebavitoria.es\/wp-content\/uploads\/2023\/05\/Prueba_Vitoria_2022_1_01652.jpg 320w\" sizes=\"(max-width: 300px) 100vw, 300px\" \/><\/div><\/a>\n\t\t\t\t<div class=\"elementor-post__text\">\n\t\t\t\t<h3 class=\"elementor-post__title\">\n\t\t\t<a href=\"https:\/\/pruebavitoria.es\/eu\/2023\/05\/09\/menos-de-200-plazas-para-cerrar-inscripciones-en-prueba-vitoria\/\" >\n\t\t\t\tMenos de 200 plazas para cerrar inscripciones en Prueba Vitoria\t\t\t<\/a>\n\t\t<\/h3>\n\t\t\t\t<div class=\"elementor-post__excerpt\">\n\t\t\t<p>La prueba cicloturista bate r\u00e9cord de participantes y va a contar con representaci\u00f3n de cicloturistas de todas las Comunidades Aut\u00f3nomas<\/p>\n\t\t<\/div>\n\t\t\n\t\t<a class=\"elementor-post__read-more\" href=\"https:\/\/pruebavitoria.es\/eu\/2023\/05\/09\/menos-de-200-plazas-para-cerrar-inscripciones-en-prueba-vitoria\/\" aria-label=\"Read more about Menos de 200 plazas para cerrar inscripciones en Prueba Vitoria\" tabindex=\"-1\" >\n\t\t\tGehiago Irakurri \u00bb\t\t<\/a>\n\n\t\t\t\t<\/div>\n\t\t\t\t<div class=\"elementor-post__meta-data\">\n\t\t\t\t\t<span class=\"elementor-post-date\">\n\t\t\t9 de maiatza de 2023\t\t<\/span>\n\t\t\t\t<\/div>\n\t\t\t\t\t<\/div>\n\t\t<\/article>\n\t\t\t\t<\/div>\n\t\t\n\t\t\t\t\t\t<\/div>\n\t\t\t\t<\/div>\n\t\t\t\t\t<\/div>\n\t\t<\/div>\n\t\t\t\t\t<\/div>\n\t\t<\/section>\n\t\t\t\t<section class=\"elementor-section elementor-top-section elementor-element elementor-element-1fea08c elementor-section-full_width elementor-section-height-default elementor-section-height-default\" data-id=\"1fea08c\" data-element_type=\"section\" data-e-type=\"section\" data-settings=\"{&quot;_ha_eqh_enable&quot;:false}\">\n\t\t\t\t\t\t<div class=\"elementor-container elementor-column-gap-default\">\n\t\t\t\t\t<div class=\"elementor-column elementor-col-100 elementor-top-column elementor-element elementor-element-dbd0ca6\" data-id=\"dbd0ca6\" data-element_type=\"column\" data-e-type=\"column\">\n\t\t\t<div class=\"elementor-widget-wrap elementor-element-populated\">\n\t\t\t\t\t\t<div class=\"elementor-element elementor-element-7109304 elementor-cta--skin-cover elementor-animated-content elementor-bg-transform elementor-bg-transform-zoom-in elementor-widget elementor-widget-call-to-action\" data-id=\"7109304\" data-element_type=\"widget\" data-e-type=\"widget\" data-widget_type=\"call-to-action.default\">\n\t\t\t\t<div class=\"elementor-widget-container\">\n\t\t\t\t\t\t\t<div class=\"elementor-cta\">\n\t\t\t\t\t<div class=\"elementor-cta__bg-wrapper\">\n\t\t\t\t<div class=\"elementor-cta__bg elementor-bg\" style=\"background-image: url(https:\/\/pruebavitoria.es\/wp-content\/uploads\/2022\/01\/Peloton-a-las-afueras-de-salvatierra.-Foto-Jose-Arturo-Castro-1024x683.jpg);\" role=\"img\" aria-label=\"Peloton-a-las-afueras-de-salvatierra.-Foto-Jos\u00e9-Arturo-Castro\"><\/div>\n\t\t\t\t<div class=\"elementor-cta__bg-overlay\"><\/div>\n\t\t\t<\/div>\n\t\t\t\t\t\t\t<div class=\"elementor-cta__content\">\n\t\t\t\t\n\t\t\t\t\t\t\t\t\t<h2 class=\"elementor-cta__title elementor-cta__content-item elementor-content-item elementor-animated-item--grow\">\n\t\t\t\t\t\tKONTAKTUA\t\t\t\t\t<\/h2>\n\t\t\t\t\n\t\t\t\t\n\t\t\t\t\t\t\t\t\t<div class=\"elementor-cta__button-wrapper elementor-cta__content-item elementor-content-item elementor-animated-item--grow\">\n\t\t\t\t\t<a class=\"elementor-cta__button elementor-button elementor-size-\" href=\"\/eu\/contacto\/\">\n\t\t\t\t\t\tIreki \t\t\t\t\t<\/a>\n\t\t\t\t\t<\/div>\n\t\t\t\t\t\t\t<\/div>\n\t\t\t\t\t\t<\/div>\n\t\t\t\t\t\t<\/div>\n\t\t\t\t<\/div>\n\t\t\t\t\t<\/div>\n\t\t<\/div>\n\t\t\t\t\t<\/div>\n\t\t<\/section>\n\t\t\t\t<\/div>","protected":false},"excerpt":{"rendered":"<p>\u00daLTIMAS NOTICIAS \u00daLTIMAS NOTICIAS CONTACTO Abrir<\/p>","protected":false},"author":1,"featured_media":0,"parent":0,"menu_order":0,"comment_status":"closed","ping_status":"closed","template":"","meta":{"site-sidebar-layout":"no-sidebar","site-content-layout":"page-builder","ast-site-content-layout":"full-width-container","site-content-style":"unboxed","site-sidebar-style":"unboxed","ast-global-header-display":"","ast-banner-title-visibility":"","ast-main-header-display":"","ast-hfb-above-header-display":"","ast-hfb-below-header-display":"","ast-hfb-mobile-header-display":"","site-post-title":"disabled","ast-breadcrumbs-content":"","ast-featured-img":"disabled","footer-sml-layout":"","ast-disable-related-posts":"","theme-transparent-header-meta":"","adv-header-id-meta":"","stick-header-meta":"","header-above-stick-meta":"","header-main-stick-meta":"","header-below-stick-meta":"","astra-migrate-meta-layouts":"set","ast-page-background-enabled":"default","ast-page-background-meta":{"desktop":{"background-color":"var(--ast-global-color-4)","background-image":"","background-repeat":"repeat","background-position":"center center","background-size":"auto","background-attachment":"scroll","background-type":"","background-media":"","overlay-type":"","overlay-color":"","overlay-gradient":""},"tablet":{"background-color":"","background-image":"","background-repeat":"repeat","background-position":"center center","background-size":"auto","background-attachment":"scroll","background-type":"","background-media":"","overlay-type":"","overlay-color":"","overlay-gradient":""},"mobile":{"background-color":"","background-image":"","background-repeat":"repeat","background-position":"center center","background-size":"auto","background-attachment":"scroll","background-type":"","background-media":"","overlay-type":"","overlay-color":"","overlay-gradient":""}},"ast-content-background-meta":{"desktop":{"background-color":"var(--ast-global-color-5)","background-image":"","background-repeat":"repeat","background-position":"center center","background-size":"auto","background-attachment":"scroll","background-type":"","background-media":"","overlay-type":"","overlay-color":"","overlay-gradient":""},"tablet":{"background-color":"var(--ast-global-color-5)","background-image":"","background-repeat":"repeat","background-position":"center center","background-size":"auto","background-attachment":"scroll","background-type":"","background-media":"","overlay-type":"","overlay-color":"","overlay-gradient":""},"mobile":{"background-color":"var(--ast-global-color-5)","background-image":"","background-repeat":"repeat","background-position":"center center","background-size":"auto","background-attachment":"scroll","background-type":"","background-media":"","overlay-type":"","overlay-color":"","overlay-gradient":""}},"footnotes":""},"class_list":["post-21","page","type-page","status-publish","hentry"],"yoast_head":"<!-- This site is optimized with the Yoast SEO plugin v26.6 - https:\/\/yoast.com\/wordpress\/plugins\/seo\/ -->\n<title>\u00daltimas Noticias - Prueba Vitoria GRAN FONDO 2025<\/title>\n<meta name=\"description\" content=\"Prueba Vitoria Gran Fondo 2025, evento deportivo de ciclismo en Euskadi el s\u00e1bado 21 de junio, dos recorridos de 100 y 207 kil\u00f3metros.\" \/>\n<meta name=\"robots\" content=\"index, follow, max-snippet:-1, max-image-preview:large, max-video-preview:-1\" \/>\n<link rel=\"canonical\" href=\"https:\/\/pruebavitoria.es\/eu\/ultimas-noticias\/\" \/>\n<meta property=\"og:locale\" content=\"en_US\" \/>\n<meta property=\"og:type\" content=\"article\" \/>\n<meta property=\"og:title\" content=\"\u00daltimas Noticias - Prueba Vitoria GRAN FONDO 2025\" \/>\n<meta property=\"og:description\" content=\"Prueba Vitoria Gran Fondo 2025, evento deportivo de ciclismo en Euskadi el s\u00e1bado 21 de junio, dos recorridos de 100 y 207 kil\u00f3metros.\" \/>\n<meta property=\"og:url\" content=\"https:\/\/pruebavitoria.es\/eu\/ultimas-noticias\/\" \/>\n<meta property=\"og:site_name\" content=\"Prueba Vitoria GRAN FONDO 2025\" \/>\n<meta property=\"article:publisher\" content=\"https:\/\/www.facebook.com\/pruebaciclistavitoria\/?_rdr\" \/>\n<meta property=\"article:modified_time\" content=\"2024-12-13T11:20:02+00:00\" \/>\n<meta name=\"twitter:card\" content=\"summary_large_image\" \/>\n<meta name=\"twitter:label1\" content=\"Est. reading time\" \/>\n\t<meta name=\"twitter:data1\" content=\"1 minutua\" \/>\n<script type=\"application\/ld+json\" class=\"yoast-schema-graph\">{\"@context\":\"https:\/\/schema.org\",\"@graph\":[{\"@type\":\"WebPage\",\"@id\":\"https:\/\/pruebavitoria.es\/ultimas-noticias\/\",\"url\":\"https:\/\/pruebavitoria.es\/ultimas-noticias\/\",\"name\":\"\u00daltimas Noticias - Prueba Vitoria GRAN FONDO 2025\",\"isPartOf\":{\"@id\":\"https:\/\/pruebavitoria.es\/#website\"},\"datePublished\":\"2022-01-19T18:26:20+00:00\",\"dateModified\":\"2024-12-13T11:20:02+00:00\",\"description\":\"Prueba Vitoria Gran Fondo 2025, evento deportivo de ciclismo en Euskadi el s\u00e1bado 21 de junio, dos recorridos de 100 y 207 kil\u00f3metros.\",\"breadcrumb\":{\"@id\":\"https:\/\/pruebavitoria.es\/ultimas-noticias\/#breadcrumb\"},\"inLanguage\":\"eu\",\"potentialAction\":[{\"@type\":\"ReadAction\",\"target\":[\"https:\/\/pruebavitoria.es\/ultimas-noticias\/\"]}]},{\"@type\":\"BreadcrumbList\",\"@id\":\"https:\/\/pruebavitoria.es\/ultimas-noticias\/#breadcrumb\",\"itemListElement\":[{\"@type\":\"ListItem\",\"position\":1,\"name\":\"Portada\",\"item\":\"https:\/\/pruebavitoria.es\/\"},{\"@type\":\"ListItem\",\"position\":2,\"name\":\"\u00daltimas Noticias\"}]},{\"@type\":\"WebSite\",\"@id\":\"https:\/\/pruebavitoria.es\/#website\",\"url\":\"https:\/\/pruebavitoria.es\/\",\"name\":\"PRUEBA VITORIA GRAN FONDO\",\"description\":\"21 Junio 2025\",\"publisher\":{\"@id\":\"https:\/\/pruebavitoria.es\/#organization\"},\"potentialAction\":[{\"@type\":\"SearchAction\",\"target\":{\"@type\":\"EntryPoint\",\"urlTemplate\":\"https:\/\/pruebavitoria.es\/?s={search_term_string}\"},\"query-input\":{\"@type\":\"PropertyValueSpecification\",\"valueRequired\":true,\"valueName\":\"search_term_string\"}}],\"inLanguage\":\"eu\"},{\"@type\":\"Organization\",\"@id\":\"https:\/\/pruebavitoria.es\/#organization\",\"name\":\"PRUEBA VITORIA GRAN FONDO\",\"url\":\"https:\/\/pruebavitoria.es\/\",\"logo\":{\"@type\":\"ImageObject\",\"inLanguage\":\"eu\",\"@id\":\"https:\/\/pruebavitoria.es\/#\/schema\/logo\/image\/\",\"url\":\"https:\/\/pruebavitoria.es\/wp-content\/uploads\/2022\/01\/cropped-cropped-LOGO-GRAN-FONDO-9.png\",\"contentUrl\":\"https:\/\/pruebavitoria.es\/wp-content\/uploads\/2022\/01\/cropped-cropped-LOGO-GRAN-FONDO-9.png\",\"width\":512,\"height\":512,\"caption\":\"PRUEBA VITORIA GRAN FONDO\"},\"image\":{\"@id\":\"https:\/\/pruebavitoria.es\/#\/schema\/logo\/image\/\"},\"sameAs\":[\"https:\/\/www.facebook.com\/pruebaciclistavitoria\/?_rdr\",\"https:\/\/www.instagram.com\/pruebaciclistavitoria\/?hl=es\"]}]}<\/script>\n<!-- \/ Yoast SEO plugin. -->","yoast_head_json":{"title":"\u00daltimas Noticias - Prueba Vitoria GRAN FONDO 2025","description":"Prueba Vitoria Gran Fondo 2025, evento deportivo de ciclismo en Euskadi el s\u00e1bado 21 de junio, dos recorridos de 100 y 207 kil\u00f3metros.","robots":{"index":"index","follow":"follow","max-snippet":"max-snippet:-1","max-image-preview":"max-image-preview:large","max-video-preview":"max-video-preview:-1"},"canonical":"https:\/\/pruebavitoria.es\/eu\/ultimas-noticias\/","og_locale":"en_US","og_type":"article","og_title":"\u00daltimas Noticias - Prueba Vitoria GRAN FONDO 2025","og_description":"Prueba Vitoria Gran Fondo 2025, evento deportivo de ciclismo en Euskadi el s\u00e1bado 21 de junio, dos recorridos de 100 y 207 kil\u00f3metros.","og_url":"https:\/\/pruebavitoria.es\/eu\/ultimas-noticias\/","og_site_name":"Prueba Vitoria GRAN FONDO 2025","article_publisher":"https:\/\/www.facebook.com\/pruebaciclistavitoria\/?_rdr","article_modified_time":"2024-12-13T11:20:02+00:00","twitter_card":"summary_large_image","twitter_misc":{"Est. reading time":"1 minutua"},"schema":{"@context":"https:\/\/schema.org","@graph":[{"@type":"WebPage","@id":"https:\/\/pruebavitoria.es\/ultimas-noticias\/","url":"https:\/\/pruebavitoria.es\/ultimas-noticias\/","name":"\u00daltimas Noticias - Prueba Vitoria GRAN FONDO 2025","isPartOf":{"@id":"https:\/\/pruebavitoria.es\/#website"},"datePublished":"2022-01-19T18:26:20+00:00","dateModified":"2024-12-13T11:20:02+00:00","description":"Prueba Vitoria Gran Fondo 2025, evento deportivo de ciclismo en Euskadi el s\u00e1bado 21 de junio, dos recorridos de 100 y 207 kil\u00f3metros.","breadcrumb":{"@id":"https:\/\/pruebavitoria.es\/ultimas-noticias\/#breadcrumb"},"inLanguage":"eu","potentialAction":[{"@type":"ReadAction","target":["https:\/\/pruebavitoria.es\/ultimas-noticias\/"]}]},{"@type":"BreadcrumbList","@id":"https:\/\/pruebavitoria.es\/ultimas-noticias\/#breadcrumb","itemListElement":[{"@type":"ListItem","position":1,"name":"Portada","item":"https:\/\/pruebavitoria.es\/"},{"@type":"ListItem","position":2,"name":"\u00daltimas Noticias"}]},{"@type":"WebSite","@id":"https:\/\/pruebavitoria.es\/#website","url":"https:\/\/pruebavitoria.es\/","name":"PRUEBA VITORIA GRAN FONDO","description":"21 Junio 2025","publisher":{"@id":"https:\/\/pruebavitoria.es\/#organization"},"potentialAction":[{"@type":"SearchAction","target":{"@type":"EntryPoint","urlTemplate":"https:\/\/pruebavitoria.es\/?s={search_term_string}"},"query-input":{"@type":"PropertyValueSpecification","valueRequired":true,"valueName":"search_term_string"}}],"inLanguage":"eu"},{"@type":"Organization","@id":"https:\/\/pruebavitoria.es\/#organization","name":"PRUEBA VITORIA GRAN FONDO","url":"https:\/\/pruebavitoria.es\/","logo":{"@type":"ImageObject","inLanguage":"eu","@id":"https:\/\/pruebavitoria.es\/#\/schema\/logo\/image\/","url":"https:\/\/pruebavitoria.es\/wp-content\/uploads\/2022\/01\/cropped-cropped-LOGO-GRAN-FONDO-9.png","contentUrl":"https:\/\/pruebavitoria.es\/wp-content\/uploads\/2022\/01\/cropped-cropped-LOGO-GRAN-FONDO-9.png","width":512,"height":512,"caption":"PRUEBA VITORIA GRAN FONDO"},"image":{"@id":"https:\/\/pruebavitoria.es\/#\/schema\/logo\/image\/"},"sameAs":["https:\/\/www.facebook.com\/pruebaciclistavitoria\/?_rdr","https:\/\/www.instagram.com\/pruebaciclistavitoria\/?hl=es"]}]}},"_links":{"self":[{"href":"https:\/\/pruebavitoria.es\/eu\/wp-json\/wp\/v2\/pages\/21","targetHints":{"allow":["GET"]}}],"collection":[{"href":"https:\/\/pruebavitoria.es\/eu\/wp-json\/wp\/v2\/pages"}],"about":[{"href":"https:\/\/pruebavitoria.es\/eu\/wp-json\/wp\/v2\/types\/page"}],"author":[{"embeddable":true,"href":"https:\/\/pruebavitoria.es\/eu\/wp-json\/wp\/v2\/users\/1"}],"replies":[{"embeddable":true,"href":"https:\/\/pruebavitoria.es\/eu\/wp-json\/wp\/v2\/comments?post=21"}],"version-history":[{"count":1,"href":"https:\/\/pruebavitoria.es\/eu\/wp-json\/wp\/v2\/pages\/21\/revisions"}],"predecessor-version":[{"id":4489,"href":"https:\/\/pruebavitoria.es\/eu\/wp-json\/wp\/v2\/pages\/21\/revisions\/4489"}],"wp:attachment":[{"href":"https:\/\/pruebavitoria.es\/eu\/wp-json\/wp\/v2\/media?parent=21"}],"curies":[{"name":"wp","href":"https:\/\/api.w.org\/{rel}","templated":true}]}}